{"id":810,"date":"2026-03-04T09:40:23","date_gmt":"2026-03-04T08:40:23","guid":{"rendered":"http:\/\/oibcamp.se\/?page_id=810"},"modified":"2026-03-05T14:14:30","modified_gmt":"2026-03-05T13:14:30","slug":"presummer-camp-15-18-juni","status":"publish","type":"page","link":"http:\/\/oibcamp.se\/?page_id=810","title":{"rendered":"Pre Summer Camp 15-18 juni"},"content":{"rendered":"\n<p>Vi erbjuder alla barn &amp; ungdomar v\u00e4lkommen till f\u00f6reningens egen Camp exklusivt f\u00f6r f\u00f6reningens egna spelare.<\/p>\n\n\n\n<p>Vi kommer tr\u00e4na och spela p\u00e5 Skyttis Arena och v\u00e5r utomhusplan f\u00f6r att kunna tr\u00e4ffas och utvecklas som f\u00f6rening och spelare. <\/p>\n\n\n\n<p>Ledare kommer vara tr\u00e4nare och spelare i f\u00f6reningens senior- och juniorlag.<\/p>\n\n\n\n<p>Denna Camp ser vi som en del i utbildningen av v\u00e5ra spelare och den kommer vara kostnadsfri f\u00f6r f\u00f6reningens spelare. <br>Mellanm\u00e5l kommer serveras mellan passen.<br>Alla spelare som deltar f\u00e5r rabatt p\u00e5 Summer Camp i augusti<\/p>\n\n\n\n<p>Vi kommer dela in i \u00e5ldersgrupper utifr\u00e5n anm\u00e4lningar men i grunden kommer det se ut enligt nedan<br>M\u00e5ndag <br>09.00-12.00 spelare f. 2015-2018<br>12.00-15.00 spelare f. 2011-2014<br>Tisdag <br>09.00-12.00 spelare f. 2015-2018<br>12.00-15.00 spelare f. 2011-2014<br>Onsdag<br>09.00-12.00 spelare f. 2015-2018<br>12.00-15.00 spelare f. 2011-2014<br>Torsdag <br>Cupspel 09.00-12.00 alla spelare<\/p>\n\n\n\n<p>V\u00e4lkommen med din anm\u00e4lan under anm\u00e4lan uppe i menyf\u00e4ltet. <\/p>\n\n\n\n<p>Sista anm\u00e4lningsdag \u00e4r den 1 juni.<br>Observera att det inte ing\u00e5r n\u00e5gon utrustning och att Campen \u00e4r kostnadsfri..<\/p>\n","protected":false},"excerpt":{"rendered":"<p>Vi erbjuder alla barn &amp; ungdomar v\u00e4lkommen till f\u00f6reningens egen Camp exklusivt f\u00f6r f\u00f6reningens egna spelare. Vi kommer tr\u00e4na och spela p\u00e5 Skyttis Arena och v\u00e5r utomhusplan f\u00f6r att kunna tr\u00e4ffas och utvecklas som f\u00f6rening och spelare. Ledare kommer vara tr\u00e4nare och spelare i f\u00f6reningens senior- och juniorlag. Denna Camp ser vi som en del &hellip; <\/p>\n<p class=\"link-more\"><a href=\"http:\/\/oibcamp.se\/?page_id=810\" class=\"more-link\">Forts\u00e4tt l\u00e4sa<span class=\"screen-reader-text\"> \u201dPre Summer Camp 15-18 juni\u201d<\/span><\/a><\/p>\n","protected":false},"author":2,"featured_media":0,"parent":0,"menu_order":0,"comment_status":"closed","ping_status":"closed","template":"","meta":{"footnotes":""},"class_list":["post-810","page","type-page","status-publish","hentry"],"_links":{"self":[{"href":"http:\/\/oibcamp.se\/index.php?rest_route=\/wp\/v2\/pages\/810","targetHints":{"allow":["GET"]}}],"collection":[{"href":"http:\/\/oibcamp.se\/index.php?rest_route=\/wp\/v2\/pages"}],"about":[{"href":"http:\/\/oibcamp.se\/index.php?rest_route=\/wp\/v2\/types\/page"}],"author":[{"embeddable":true,"href":"http:\/\/oibcamp.se\/index.php?rest_route=\/wp\/v2\/users\/2"}],"replies":[{"embeddable":true,"href":"http:\/\/oibcamp.se\/index.php?rest_route=%2Fwp%2Fv2%2Fcomments&post=810"}],"version-history":[{"count":5,"href":"http:\/\/oibcamp.se\/index.php?rest_route=\/wp\/v2\/pages\/810\/revisions"}],"predecessor-version":[{"id":843,"href":"http:\/\/oibcamp.se\/index.php?rest_route=\/wp\/v2\/pages\/810\/revisions\/843"}],"wp:attachment":[{"href":"http:\/\/oibcamp.se\/index.php?rest_route=%2Fwp%2Fv2%2Fmedia&parent=810"}],"curies":[{"name":"wp","href":"https:\/\/api.w.org\/{rel}","templated":true}]}}