{"id":79,"date":"2020-06-05T10:20:05","date_gmt":"2020-06-05T08:20:05","guid":{"rendered":"http:\/\/oibcamp.se\/?page_id=79"},"modified":"2025-11-07T10:18:16","modified_gmt":"2025-11-07T09:18:16","slug":"vinter","status":"publish","type":"page","link":"http:\/\/oibcamp.se\/?page_id=79","title":{"rendered":"Vinter"},"content":{"rendered":"\n<p><strong>V\u00e4lkommen till \u00d6rnsk\u00f6ldsvik Innebandy Camp <\/strong><\/p>\n\n\n\n<p>Spelare f\u00f6dda 2011-2013 titta in p\u00e5 Skills Camp som \u00e4ven den arrangeras p\u00e5 Sportlovet v.10<\/p>\n\n\n\n<p><strong>Vinter<\/strong><\/p>\n\n\n\n<p>\u00d6rnsk\u00f6ldsvik Innebandy Camp arrangerar under Sportlovet v.10 en Innebandycamp utifr\u00e5n konceptet Vital Floorball Skills.  Vi utlovar roliga och l\u00e4rorika dagar och mycket innebandy!<\/p>\n\n\n\n<p>3-4 mars Tjejer f. 2014-2017<br>Tr\u00e4ning<br>Tisdag 09.00-12.00<br>Onsdag 12.30-15.30<br>Mellanm\u00e5l ing\u00e5r b\u00e5da dagarna<br>Tr\u00f6ja ing\u00e5r<br>Max antal platser 40 platser<br>Deltagaravgift\u00a0 695 kr<br>Sista anm\u00e4lningsdag \u00e4r 15 februari f\u00f6r att garantera tr\u00f6ja. <br>Anm\u00e4lan kan tas emot senare om plats finns.<\/p>\n\n\n\n<p>3-4 mars Killar f. 2014-2017<br>Tr\u00e4ning <br>Tisdag 12.30-15.30 <br>Onsdag 09.00-12.00<br>Mellanm\u00e5l ing\u00e5r b\u00e5da dagarna<br>Tr\u00f6ja ing\u00e5r<br>Max antal platser 40 platser<br>Deltagaravgift\u00a0 695 kr<br>Sista anm\u00e4lningsdag \u00e4r 15 februari f\u00f6r att garantera tr\u00f6ja. <br>Anm\u00e4lan kan tas emot senare om plats finns.<\/p>\n\n\n\n<p><\/p>\n","protected":false},"excerpt":{"rendered":"<p>V\u00e4lkommen till \u00d6rnsk\u00f6ldsvik Innebandy Camp Spelare f\u00f6dda 2011-2013 titta in p\u00e5 Skills Camp som \u00e4ven den arrangeras p\u00e5 Sportlovet v.10 Vinter \u00d6rnsk\u00f6ldsvik Innebandy Camp arrangerar under Sportlovet v.10 en Innebandycamp utifr\u00e5n konceptet Vital Floorball Skills. Vi utlovar roliga och l\u00e4rorika dagar och mycket innebandy! 3-4 mars Tjejer f. 2014-2017Tr\u00e4ningTisdag 09.00-12.00Onsdag 12.30-15.30Mellanm\u00e5l ing\u00e5r b\u00e5da dagarnaTr\u00f6ja ing\u00e5rMax &hellip; <\/p>\n<p class=\"link-more\"><a href=\"http:\/\/oibcamp.se\/?page_id=79\" class=\"more-link\">Forts\u00e4tt l\u00e4sa<span class=\"screen-reader-text\"> \u201dVinter\u201d<\/span><\/a><\/p>\n","protected":false},"author":2,"featured_media":0,"parent":0,"menu_order":0,"comment_status":"closed","ping_status":"closed","template":"","meta":{"footnotes":""},"class_list":["post-79","page","type-page","status-publish","hentry"],"_links":{"self":[{"href":"http:\/\/oibcamp.se\/index.php?rest_route=\/wp\/v2\/pages\/79","targetHints":{"allow":["GET"]}}],"collection":[{"href":"http:\/\/oibcamp.se\/index.php?rest_route=\/wp\/v2\/pages"}],"about":[{"href":"http:\/\/oibcamp.se\/index.php?rest_route=\/wp\/v2\/types\/page"}],"author":[{"embeddable":true,"href":"http:\/\/oibcamp.se\/index.php?rest_route=\/wp\/v2\/users\/2"}],"replies":[{"embeddable":true,"href":"http:\/\/oibcamp.se\/index.php?rest_route=%2Fwp%2Fv2%2Fcomments&post=79"}],"version-history":[{"count":5,"href":"http:\/\/oibcamp.se\/index.php?rest_route=\/wp\/v2\/pages\/79\/revisions"}],"predecessor-version":[{"id":787,"href":"http:\/\/oibcamp.se\/index.php?rest_route=\/wp\/v2\/pages\/79\/revisions\/787"}],"wp:attachment":[{"href":"http:\/\/oibcamp.se\/index.php?rest_route=%2Fwp%2Fv2%2Fmedia&parent=79"}],"curies":[{"name":"wp","href":"https:\/\/api.w.org\/{rel}","templated":true}]}}